{"id":541,"date":"2022-07-28T13:01:26","date_gmt":"2022-07-28T11:01:26","guid":{"rendered":"https:\/\/mnzp.pl\/ksiegarnia\/?post_type=product&#038;p=541"},"modified":"2022-12-09T15:04:50","modified_gmt":"2022-12-09T14:04:50","slug":"spoleczenstwo-przemysla-w-xiv-xviii-wieku-t-2","status":"publish","type":"product","link":"https:\/\/mnzp.pl\/ksiegarnia\/index.php\/produkt\/spoleczenstwo-przemysla-w-xiv-xviii-wieku-t-2\/","title":{"rendered":"Spo\u0142ecze\u0144stwo Przemy\u015bla w XIV-XVIII wieku. T.2"},"content":{"rendered":"<p>Na pocz\u0105tku lipca ukaza\u0142 si\u0119 II tom ksi\u0105\u017cki prof. dr. hab. Jerzego Motylewicza pod tytu\u0142em \u201eSpo\u0142ecze\u0144stwo Przemy\u015bla w XIV-XVIII wieku.\u201d Dwa lata temu ukaza\u0142 si\u0119 tom I, w kt\u00f3rym autor wprowadzi\u0142 czytelnika w przestrze\u0144 miejsk\u0105, oprowadzaj\u0105c po mie\u015bcie, jego fortyfikacjach i przedmie\u015bciach. Zapozna\u0142 z mieszka\u0144cami miasta z\u00a0 ich warunkami bytowymi: domy, mieszkania i ich wyposa\u017cenie. Du\u017c\u0105 cz\u0119\u015b\u0107 tego tomu zaj\u0119\u0142a <em>Rzeczypospolita przemyska<\/em>. Tak bowiem mieszczanie przemyscy, wzoruj\u0105c si\u0119 na szlachcie, nazywali swoje miasto-jak ona pa\u0144stwo \u2013 Rzeczypospolit\u0105, dodaj\u0105c dodatkowo okre\u015blenie Miejska lub Miasta Kr\u00f3lewskiego Przemy\u015bla. Tom II rozpoczyna rozdzia\u0142 <em>Niedole egzystencji mieszcza\u0144skiej<\/em>, w kt\u00f3rym dowiadujemy si\u0119 o zagro\u017ceniach \u017cywio\u0142owych, a wi\u0119c wszelkiego rodzaju powodziach, po\u017carach, nast\u0119pnie o niepokojach szlacheckich, jako, \u017ce szlachta w Przemy\u015blu bynajmniej nie \u015bwieci\u0142a przyk\u0142adem zachowania b\u0119d\u0105c powodem wielu utrapie\u0144 mieszcza\u0144stwa jak porwania, burdy czy b\u00f3jki. Sta\u0142ym elementem codziennego \u017cycia by\u0142y zagro\u017cenia wojenne, szczeg\u00f3lnie ze strony Tatar\u00f3w. Zdarza\u0142y si\u0119 niestety epidemie, a skutki morowego powietrza dla Przemy\u015bla by\u0142y zab\u00f3jcze.\u00a0 Rozdzia\u0142 II autor po\u015bwi\u0119ci\u0142 na porz\u0105dki i bezpiecze\u0144stwo w mie\u015bcie. Tutaj czytamy o warunkach sanitarnych, zaopatrzeniu w wod\u0119, utrzymaniu dr\u00f3g i bezpiecze\u0144stwa w mie\u015bcie. Je\u017celi komu\u015b wydaje si\u0119, \u017ce k\u0142opoty ze s\u0142u\u017cb\u0105 zdrowia to wsp\u00f3\u0142czesna domena to niech przeczyta rozdzia\u0142 III pt. <em>Higiena, lecznictwo i opieka spo\u0142eczna<\/em>.<\/p>\n<p>Prof. J. Motylewicz jest uznanym znawc\u0105 historii rzemios\u0142a, cech\u00f3w rzemie\u015blniczych i handlu. Nic te\u017c dziwnego, \u017ce w nast\u0119pnym rozdziale znajdujemy solidn\u0105 dawk\u0119 wiedzy pt. <em>Podstawy utrzymania. Korporacyjny i indywidualny charakter prac w mie\u015bcie<\/em>. W mie\u015bcie czy te\u017c na przedmie\u015bciu znajdowa\u0142y si\u0119 r\u00f3wnie\u017c nieruchomo\u015bci wy\u0142\u0105czone spod w\u0142adzy miejskiej czyli nale\u017c\u0105ce do szlachty i duchowie\u0144stwa tzw. jurydyki. Im to po\u015bwi\u0119cony jest rozdzia\u0142 nast\u0119pny. Dalej autor wprowadza nas w \u015bwiat mody i gust\u00f3w mieszcza\u0144stwa przemyskiego. Nast\u0119pnie prowadzi nas do kuchni ukazuj\u0105c dostatki i niedostatki mieszcza\u0144skiego sto\u0142u. W rozdziale VIII prof. Motylewicz w dw\u00f3ch ods\u0142onach daje szkic przemyskiej rodziny mieszcza\u0144skiej XVI -XVII i XVIII wieku. Jest r\u00f3wnie\u017c miejsce na uroczysto\u015bci rodzinne, kt\u00f3re cz\u0119sto mia\u0142y zwi\u0105zki z religi\u0105, st\u0105d nast\u0119pny rozdzia\u0142 <em>\u017bycie religijne. Ko\u015bcio\u0142y, duchowie\u0144stwo, wierni<\/em>. Ostatni rozdzia\u0142 pozostawia nas <em>W kr\u0119gu \u017cycia umys\u0142owego i kultury<\/em>. Ca\u0142o\u015b\u0107 zamyka bibliografia oraz wykonany przez L. Faca indeks. Przy tej okazji chc\u0119 nadmieni\u0107, \u017ce ju\u017c sama praca przy indeksie ukaza\u0142a jak istotn\u0105 pozycj\u0119 w historiografii przemyskiej b\u0119dzie odgrywa\u0142a ta ksi\u0105\u017cka. Wniosk\u00f3w ca\u0142e mn\u00f3stwo, a\u00a0 temat\u00f3w pod dyskusje jeszcze wi\u0119cej. Ciesz\u0119 si\u0119, \u017ce to licz\u0105ce blisko 800 stron opracowanie nareszcie si\u0119 ukaza\u0142o. Ta ksi\u0105\u017cka pisana przez J. Motylewicza by\u0142a dla mieszka\u0144c\u00f3w Przemy\u015bla. Jest napisana w spos\u00f3b ciekawy i bardzo przyst\u0119pny. Mimo naukowego charakteru jest ona publikacj\u0105, kt\u00f3r\u0105 dobrze si\u0119 czyta. Kto nie wierzy, niech spr\u00f3buje. Bogactwo temat\u00f3w powoduje, \u017ce ka\u017cdy mo\u017ce znale\u017a\u0107 w niej co\u015b dla siebie.<\/p>\n<p>Ksi\u0105\u017cka jest kompromisem pomi\u0119dzy nauk\u0105 a popularyzatorstwem. Badania prof. J. Motylewicza prowadzone przez kilkadziesi\u0105t lat da\u0142y mu ogromn\u0105 baz\u0119 \u017ar\u00f3d\u0142ow\u0105. Efekty swoich bada\u0144 Jerzy Motylewicz publikowa\u0142 w wielu artyku\u0142ach, a w roku 2005 w ksi\u0105\u017cce \u201eSpo\u0142ecze\u0144stwo Przemy\u015bla w XVI i XVII wieku\u201d. Mimo, \u017ce ksi\u0105\u017cka mia\u0142a fundamentalne znaczenie dla historiografii przemyskiej czas\u00f3w nowo\u017cytnych i b\u0142yskawicznie znikn\u0119\u0142a z p\u00f3\u0142ek ksi\u0119garskich to szybko wzbudzi\u0142a niedosyt autora. St\u0105d ch\u0119\u0107 uzupe\u0142nie\u0144 oraz powi\u0119kszenia zakresu opracowania o okres wcze\u015bniejszy. St\u0105d \u201eSpo\u0142ecze\u0144stwo Przemy\u015bla w XIV \u2013 XVIII wiek\u201d, t. I-II. Ksi\u0105\u017cka zosta\u0142a zrealizowana przez MNZP we wsp\u00f3\u0142pracy z Przemyskim Centrum Kultury i Nauki \u201eZamek\u201d.<\/p>\n<p style=\"text-align: right;\"><em>Lucjan Fac<\/em><\/p>\n","protected":false},"excerpt":{"rendered":"<h2>Motylewicz Jerzy<\/h2>\n<p>Ksi\u0105\u017cka jest kompromisem pomi\u0119dzy nauk\u0105 a popularyzatorstwem. Badania prof. J. Motylewicza prowadzone przez kilkadziesi\u0105t lat da\u0142y mu ogromn\u0105 baz\u0119 \u017ar\u00f3d\u0142ow\u0105&#8230;<\/p>\n","protected":false},"featured_media":542,"comment_status":"open","ping_status":"closed","template":"","meta":[],"product_brand":[],"product_cat":[16],"product_tag":[64,65,58,155],"class_list":{"0":"post-541","1":"product","2":"type-product","3":"status-publish","4":"has-post-thumbnail","6":"product_cat-ksiazki","7":"product_tag-historia","8":"product_tag-opracowania","9":"product_tag-przemysl","10":"product_tag-spoleczenstwo","12":"first","13":"instock","14":"shipping-taxable","15":"purchasable","16":"product-type-simple"},"_links":{"self":[{"href":"https:\/\/mnzp.pl\/ksiegarnia\/index.php\/wp-json\/wp\/v2\/product\/541","targetHints":{"allow":["GET"]}}],"collection":[{"href":"https:\/\/mnzp.pl\/ksiegarnia\/index.php\/wp-json\/wp\/v2\/product"}],"about":[{"href":"https:\/\/mnzp.pl\/ksiegarnia\/index.php\/wp-json\/wp\/v2\/types\/product"}],"replies":[{"embeddable":true,"href":"https:\/\/mnzp.pl\/ksiegarnia\/index.php\/wp-json\/wp\/v2\/comments?post=541"}],"wp:featuredmedia":[{"embeddable":true,"href":"https:\/\/mnzp.pl\/ksiegarnia\/index.php\/wp-json\/wp\/v2\/media\/542"}],"wp:attachment":[{"href":"https:\/\/mnzp.pl\/ksiegarnia\/index.php\/wp-json\/wp\/v2\/media?parent=541"}],"wp:term":[{"taxonomy":"product_brand","embeddable":true,"href":"https:\/\/mnzp.pl\/ksiegarnia\/index.php\/wp-json\/wp\/v2\/product_brand?post=541"},{"taxonomy":"product_cat","embeddable":true,"href":"https:\/\/mnzp.pl\/ksiegarnia\/index.php\/wp-json\/wp\/v2\/product_cat?post=541"},{"taxonomy":"product_tag","embeddable":true,"href":"https:\/\/mnzp.pl\/ksiegarnia\/index.php\/wp-json\/wp\/v2\/product_tag?post=541"}],"curies":[{"name":"wp","href":"https:\/\/api.w.org\/{rel}","templated":true}]}}